{"id":45,"date":"2016-06-03T14:57:41","date_gmt":"2016-06-03T12:57:41","guid":{"rendered":"http:\/\/angelikamilster.werbeagentur-webagentur-kreativagentur.de\/?page_id=45"},"modified":"2025-06-06T11:11:34","modified_gmt":"2025-06-06T09:11:34","slug":"biographie","status":"publish","type":"page","link":"https:\/\/angelikamilster.com\/de\/biographie\/","title":{"rendered":"Biographie Angelika Milster"},"content":{"rendered":"\t\t<div data-elementor-type=\"wp-page\" data-elementor-id=\"45\" class=\"elementor elementor-45\" data-elementor-post-type=\"page\">\n\t\t\t\t\t\t<section class=\"wolf-core-elementor-row wolf-core-font-  elementor-section elementor-top-section elementor-element elementor-element-140ae933 elementor-section-boxed elementor-section-height-default elementor-section-height-default\" data-font-skin=\"\" data-color-tone=\"\" data-id=\"140ae933\" data-element_type=\"section\" data-e-type=\"section\">\n\t\t\t\t\t\t<div class=\"elementor-container elementor-column-gap-default\">\n\t\t\t\t\t<div class=\"elementor-column elementor-col-100 elementor-top-column elementor-element elementor-element-d752175\" data-id=\"d752175\" data-element_type=\"column\" data-e-type=\"column\">\n\t\t\t<div class=\"elementor-widget-wrap elementor-element-populated\">\n\t\t\t\t\t\t<div class=\" elementor-element elementor-element-2c48d714 elementor-widget elementor-widget-text-editor\" data-id=\"2c48d714\" data-element_type=\"widget\" data-e-type=\"widget\" data-widget_type=\"text-editor.default\">\n\t\t\t\t<div class=\"elementor-widget-container\">\n\t\t\t\t\t\t\t\t\t<h5>Angelika Milster \u2013 Die Diva des Musicals<\/h5>\n<p>Angelika Milster &#8211; ein Name der gleichbedeutend ist mit dem <span style=\"color: #8d7954;\"><b>Ungew\u00f6hnlichen, Raren,<\/b><\/span><span style=\"color: #8d7954;\"> <b>Extravaganten und Au\u00dfergew\u00f6hnlichen<\/b><\/span>, <strong><span style=\"color: #8d7954;\">der<\/span> <span style=\"color: #8d7954;\">Diva<\/span><\/strong>.&nbsp;<\/p>\n<p>Angelika Milster wurde in <strong><span style=\"color: #8d7954;\">Neustrelitz<\/span><\/strong> geboren und wuchs in Hamburg auf. Bereits mit zw\u00f6lf begann sie, Gesangsunterricht zu nehmen und besuchte von 1968 bis 1971 die renommierte Schauspielschule von Margot H\u00f6pfner. Schon f\u00fcr ihre erste Filmrolle in <strong><span style=\"color: #8d7954;\">\u201eMeine Sorgen m\u00f6cht&#8216; ich haben\u201c<\/span><\/strong> erhielt sie 1975 den <strong><span style=\"color: #8d7954;\">Ernst-Lubitsch-Preis<\/span><\/strong>.<\/p>\n<p>Nach einem Ausflug in die Welt des Kabaretts am D\u00fcsseldorfer Kom(m)\u00f6dchen spielte sie dann 1983 die Rolle, die ihr Leben nachhaltig ver\u00e4nderte: In der deutschsprachigen Erstauff\u00fchrung des Musicalwelterfolgs <strong><span style=\"color: #8d7954;\">\u201eCats\u201c<\/span><\/strong> in Wien \u00fcbernahm sie den Part der <strong><span style=\"color: #8d7954;\">Grizabella.<\/span><\/strong> \u201eErinnerung\u201c wurde zu ihrem Erkennungslied und machte Angelika Milster zum Musicalstar Nummer Eins im deutschsprachigen Raum. Sie bekam ihre erste eigene <strong><span style=\"color: #8d7954;\">Fernsehshow (\u201eMein Musicalhaus\u201c, 1985)<\/span> <\/strong>und wurde mit der Goldenen Europa und einer Goldenen Schallplatte ausgezeichnet.<\/p>\n<p>Auch im Ausland wurde man hellh\u00f6rig. F\u00fcr die <strong><span style=\"color: #8d7954;\">Europatournee<\/span><\/strong> seines Liederzyklus \u201eSong &amp; Dance\u201c im Jahr 1988 wurde sie von Andrew Lloyd Webber f\u00fcr die Rolle der Emma ausgew\u00e4hlt, und mit der \u201eKurt-Weill-Revue\u201c aus dem Theater des Westens Berlin gastierte sie 1991 in <strong><span style=\"color: #8d7954;\">Paris und Washington.<\/span><\/strong> Dem Theater des Westens blieb sie auch in den folgenden Jahren treu und spielte dort u.a. Hauptrollen in <strong><span style=\"color: #8d7954;\">\u201eUFA-Revue\u201c (1992), \u201eBlue Jeans\u201c (1994), \u201eHello Dolly\u201c (1995)<\/span><\/strong> und <strong><span style=\"color: #8d7954;\">\u201eGypsy\u201c (1996)<\/span><\/strong>.<\/p>\n<p>Im Fernsehen wurde Angelika Milster zur gefragten <strong><span style=\"color: #8d7954;\">Schauspielerin in Serien<\/span><\/strong> wie \u201eDer Landarzt\u201c (ZDF), \u201eSalto Kommunale\u201c (ZDF), \u201eMama ist unm\u00f6glich\u201c (MDR) und \u201eK\u00f6rner &amp; K\u00f6ter\u201c (SAT1) sowie in Filmen wie \u201eDer K\u00f6nig von Dulsberg\u201c (1994, mit G\u00f6tz George), \u201eClub Las Piranjas\u201c (1995, mit Hape Kerkeling) und \u201eAlles wegen Robert de Niro\u201c (1996, mit G\u00f6tz Alsmann).<\/p>\n<p>Ab 1994 nahm Angelika Milster einige <strong><span style=\"color: #8d7954;\">CDs mit Popschlagern<\/span><\/strong> auf. Gleich f\u00fcr das erste Album \u201eIch liebe Dich\u201c bekam sie 1996 den <strong><span style=\"color: #8d7954;\">Deutschen Schallplattenpreis ECHO<\/span><\/strong>. Eine weitere ECHONominierung folgte im Jahr 2000. Ein Jahr sp\u00e4ter kehrte sie auf die Theaterb\u00fchne zur\u00fcck und war in Hamburg in der deutschen Premiereninszenierung des Musicals \u201eMozart!\u201c zu sehen.<\/p>\n<p>Eine v\u00f6llig andere musikalische Richtung folgte Anfang 2002: F\u00fcr eine Reihe von <strong><span style=\"color: #8d7954;\">Kirchenkonzerten<\/span><\/strong> erarbeitete sich Angelika Milster ein v\u00f6llig neues Repertoire von klassischen und geistlichen Liedern. Publikum und Presse reagierten gleicherma\u00dfen begeistert, so dass dieses Programm seither fester Bestandteil ihrer allj\u00e4hrlichen Konzertauftritte wurde.<\/p>\n<p>Noch im gleichen Jahr pr\u00e4sentierte sie sich auf der <strong><span style=\"color: #8d7954;\">Crossover-CD \u201eMilster.\u201c<\/span><\/strong> in nie gekannter musikalischer Vielfalt: Sie interpretierte Lieder aus Film und Musical, sang Pop und Schlager, erwies aber auch Interpreten wie <strong><span style=\"color: #8d7954;\">Elvis Presley, Queen<\/span><\/strong> und <strong><span style=\"color: #8d7954;\">ABBA<\/span><\/strong> ihre Reverenz und sorgte dar\u00fcber hinaus mit ihren <strong><span style=\"color: #8d7954;\">Interpretationen von Klassikern<\/span><\/strong> wie \u201eGranada\u201c und \u201eTorna a Surriento\u201c f\u00fcr \u00dcberraschungen.&nbsp;Ihre k\u00fcnstlerische Vielseitigkeit bewies sie auch in den Folgejahren immer wieder. So sprach sie in der deutsch synchronisierten Fassung des <strong><span style=\"color: #8d7954;\">Hollywood-Films \u201eShrek 2\u201c<\/span><\/strong> die Rolle der Guten Fee, \u00fcbernahm bei den Antikenfestspielen in Trier die Titelpartie in \u201eLysistrata\u201c und beleuchtete im Programm \u201eAnsichtssache\u201c zusammen mit dem Schauspieler Max Kr\u00fcckl im Theater der W\u00fchlm\u00e4use in Berlin die Missst\u00e4nde der heutigen Gesellschaft.<\/p>\n<p>Nach einer <strong><span style=\"color: #8d7954;\">Weihnachts-CD (\u201eVon ganzem Herzen\u201c)<\/span><\/strong> und einem weiteren&nbsp;<strong><span style=\"color: #8d7954;\">Crossover-Album (\u201eMit den Augen der Liebe\u201c)<\/span><\/strong> trat sie 2006 mit der Tournee <strong><span style=\"color: #8d7954;\">\u201eDas \u00dcberraschungsfest der Volksmusik\u201c<\/span><\/strong> in mehr als 50 St\u00e4dten auf und konnte in der <strong><span style=\"color: #8d7954;\">RTL-Comedyserie \u201eAngie\u201c<\/span><\/strong> einmal mehr mit der komischen Seite ihres schauspielerischen Talents brillieren.<\/p>\n<p>Auf Wunsch vieler Fans ver\u00f6ffentlichte sie im Fr\u00fchjahr 2008 dann wieder eine neue CD mit schlagerorientierten Titeln <strong><span style=\"color: #8d7954;\">(\u201eIch sage ja\u201c)<\/span><\/strong>. Als Livek\u00fcnstlerin bleibt Angelika Milster eine der meist gefragten Interpretinnen des Landes. Von der Silvestergala 2006 mit dem Rundfunkorchester des WDR bis zum Neujahrskonzert 2008 mit der SWR Big Band, von ihrem Weihnachtsprogramm <strong><span style=\"color: #8d7954;\">\u201eSwinging Christmas\u201c<\/span><\/strong> bis zum Galakonzert <strong><span style=\"color: #8d7954;\">\u201eDiva Maxima\u201c<\/span><\/strong>, das sie im August 2008 in Dresden zusammen mit Montserrat Caball\u00e9, Milva und dem Filmorchester Babelsberg gestaltete, konnte sie allerorts mit ihrem weit gef\u00e4cherten Repertoire \u00fcberzeugen. Zum Musical kehrte sie im Mai 2009 mit dem Soloprogramm<strong><span style=\"color: #8d7954;\"> \u201eIch bin wie ich bin\u201c<\/span><\/strong> zur\u00fcck, das im Essener <strong><span style=\"color: #8d7954;\">Grillo-Theater<\/span><\/strong> seine umjubelte Premiere feierte, und im noch im gleichen Jahr war sie auf der B\u00fchne des Berliner Renaissance-Theaters im Songdrama <strong><span style=\"color: #8d7954;\">\u201eEwig jung\u201c<\/span><\/strong> zu erleben. Die Produktion wurde 2010 mit dem <strong><span style=\"color: #8d7954;\">Publikumspreis des Berliner Theaterclubs<\/span><\/strong> ausgezeichnet.<\/p>\n<p>Neben der Theatert\u00e4tigkeit weitete Angelika Milster in den kommenden Jahren ihre Kirchenkonzert-Tourneen aus. Ihre Programme <strong><span style=\"color: #8d7954;\">\u201eBegegnungen\u201c<\/span><\/strong> und <strong><span style=\"color: #8d7954;\">\u201eVon ganzem Herzen\u201c<\/span><\/strong> wurden deutschlandweit bei weit \u00fcber 500 Konzerten vom begeisterten Publikum besucht. 2013 erschien eine weitere CD unter dem Titel <strong><span style=\"color: #8d7954;\">\u201eDu hast mir Gl\u00fcck gebracht\u201c<\/span><\/strong>, mit der Angelika Milster u.a. bei <strong><span style=\"color: #8d7954;\">\u201eWillkommen bei Carmen Nebel\u201c<\/span><\/strong> und dem <strong><span style=\"color: #8d7954;\">ZDF-Fernsehgarten<\/span><\/strong> zu Gast war.<\/p>\n<p>Ab Herbst 2016 war Angelika Milster in der Titelpartie der Musical-Urauff\u00fchrung <strong><span style=\"color: #8d7954;\">\u201eDoris Day &#8211; Day by Day\u201c<\/span><\/strong> am <strong><span style=\"color: #8d7954;\">Schlossparktheater in Berlin<\/span><\/strong> zu erleben. \u00dcber dreissig Vorstellungen fanden vor ausverkauftem Haus statt. Im Januar 2017 folgte dann die Premiere von <strong><span style=\"color: #8d7954;\">\u201eWunschkinder\u201c am Berliner Renaissance-Theater<\/span><\/strong>, wo sie ebenfalls mit dem St\u00fcck <strong><span style=\"color: #8d7954;\">\u201eEwig jung\u201c<\/span><\/strong> zu sehen war.<\/p>\n<p>Im Sommer 2017 startete Angelika Milster ihr neues Solo-Konzertprogramm <strong><span style=\"color: #8d7954;\">\u201eMilster singt Musical\u201c<\/span><\/strong> mit vier erfolgreichen Preview-Konzerten in \u00d6sterreich. 2017\/18 gab es weitere Einzelkonzerte dieses Programms, und im Herbst 2018 dann eine gro\u00dfe Deutschland-Tournee mit 14 Terminen.<\/p>\n<p>Zwischenzeitlich ging&nbsp;<strong><span style=\"color: #8d7954;\">\u201eDoris Day \u2013 Day by Day\u201c<\/span><\/strong> bundesweit auf Tournee und Angelika Milster stellte sich ab 24. September 2017 wieder einer gro\u00dfe Herausforderung das ein weiteres Highlight f\u00fcr die S\u00e4ngerin und Schauspielerin wurde: Die Rolle der \u201eNorma Desmond\u201c in Sir Andrew Lloyd Webber&#8217;s <strong><span style=\"color: #8d7954;\">\u201eSunset Boulevard\u201c<\/span><\/strong> am Theater Altenburg Gera. Der Sommer 2018 stand unter dem Motto <strong><span style=\"color: #8d7954;\">\u201eIm wei\u00dfen R\u00f6ssl\u201c<\/span><\/strong> &#8211; Angelika Milster brillierte zur gro\u00dfen Freude ihrer Besucher im <strong><span style=\"color: #8d7954;\">Renaissance-Theater Berlin<\/span><\/strong>. Ab September 2018 verk\u00f6rperte sie am Theater Lu\u0308beck die <strong><span style=\"color: #8d7954;\">\u201eTangolita\u201c<\/span><\/strong> in Paul Abrahams Operette <strong><span style=\"color: #8d7954;\">\u201eBall im Savoy\u201c<\/span><\/strong>. Und Ende des Jahres feierte die Musik-Theaterproduktion <strong><span style=\"color: #8d7954;\">\u201eIm Wechselspiel der Liebe\u201c<\/span><\/strong> nach einem Roman von <strong><span style=\"color: #8d7954;\">Rosamunde Pilcher<\/span><\/strong> (Book and Lyrics by Claus Beling u. Music by Richard Blackford) Premiere in \u00d6sterreich und Deutschland.<\/p>\n<p>Sein 10-j\u00e4hriges Jubil\u00e4um feierte das Songdrama <strong><span style=\"color: #8d7954;\">\u201eEwig jung\u201c<\/span><\/strong> im Jahr 2019 auf der B\u00fchne des Berliner Renaissance-Theaters. Zum seit der Premiere unver\u00e4ndertem Ensemble geh\u00f6rt auch Angelika Milster. Auch danach steht das St\u00fcck immer mal wieder auf dem Spielplan des Traditionstheaters.<\/p>\n<p>Im November 2021 trat Angelika Milster als &#8222;Ei&#8220; in der von Jan B\u00f6hmermann produzierten Musical-Satire <strong><span style=\"color: #8d7954;\">&#8222;Der Eierwurf von Halle&#8220;<\/span><\/strong> im ZDF Magazin Royale auf.<\/p>\n<p>Im Herbst 2021 und Fr\u00fchjahr 2022 fand eine <strong><span style=\"color: #8d7954;\">\u201eGala-Konzerttournee\u201c<\/span><\/strong> mit Angelika Milster und der Vogtland Philharmonie statt. Das Programm umfasste Titel aus Musical, Chansons und der Klassik, sowie modernen Pop-Songs.&nbsp;<\/p>\n<p>Im Oktober 2021 fand mit <strong><span style=\"color: #8d7954;\">&#8222;Berlin Skandal\u00f6s&#8220; <\/span><\/strong>am Theater Dortmund eine weitere umjubelte Premiere unter der Beteiligung von Angelika Milster als Diva statt. <strong><span style=\"color: #8d7954;\">\u201eBerlin Skandal\u00f6s&#8220;<\/span><\/strong> wurde vom Theater als das \u201eaufregende und temporeiche Vorspiel&#8220; zu der Dortmunder Inszenierung von <strong><span style=\"color: #8d7954;\">&#8222;Cabaret&#8220;<\/span><\/strong> bezeichnet, das am gleichen Haus ab Herbst 2022 zu sehen ist. Angelika Milster wird in dieser Produktion das &#8222;Fr\u00e4ulein Schneider&#8220; verk\u00f6rpern.&nbsp;<\/p>\n<p>Ab Herbst 2022 steht die Wiederauff\u00fchrung der Musik-Theaterproduktion <strong><span style=\"color: #8d7954;\">\u201eIm Wechselspiel der Liebe\u201c<\/span><\/strong> nach einem Roman von <strong><span style=\"color: #8d7954;\">Rosamunde Pilcher<\/span><\/strong> auf dem Spielplan der Kom\u00f6die im Bayrischen Hof.<\/p>\n<p>Im Sommer 2022 wurden die Dreharbeiten f\u00fcr eine vierteilige Serien-Fortsetzung des Kult-Films <strong><span style=\"color: #8d7954;\">\u201eClub Las Piranjas\u201c<\/span><\/strong> fertig gestellt. Wie schon im Film spielt Angelika Milster wieder an der Seite von Hape Kerkeling. Die Serie wird zun\u00e4chst ab dem 19.10.2023 auf RTL+ und sp\u00e4ter bei RTL zu sehen sein.<\/p>\n<p>Das Solo-Konzertprogramm&nbsp;<strong><span style=\"color: #8d7954;\">\u201eMilster singt Musical\u201c<\/span><\/strong>&nbsp;wird im Herbst 2023 fortgesetzt und ein neues Kirchenkonzertprogramm feiert im Winter 2023 unter dem Titel <strong><span style=\"color: #8d7954;\">\u201eWintermomente&#8220;<\/span><\/strong> Premiere. &nbsp;<\/p>\n<p>Im Oktober 2022 erh\u00e4lt Angelika Milster den <strong><span style=\"color: #8d7954;\">Deutschen Musical Theater Ehrenpreis<\/span><\/strong>. Die Deutsche Musical Akademie ehrt damit nach eigener Aussage eine herausragende K\u00fcnstlerin, die sich erfolgreich f\u00fcr das deutschsprachige Musical einsetzt und viel zur Popularit\u00e4t von Musicalproduktionen beigetragen hat.<span style=\"caret-color: #1e414e; color: #1e414e; font-family: 'Droid Sans', sans-serif;\">&nbsp;<\/span><\/p>\n<p>In der Komischen Oper Berlin \u00fcbernimmt Angelika Milster im Fr\u00fchjahr 2024 im erfolgreichen Musical <strong><span style=\"color: #8d7954;\">La Cage <span style=\"caret-color: #8d7954;\">aux Folles &#8211; Ein K\u00e4fig voller Narren <\/span><\/span><\/strong>die Rolle der Restaurantbesitzerin Jacqueline. Das Musical wird auch in den Spielzeiten 2024\/2025 und 2025\/2026 wiederaufgenommen.&nbsp;<span style=\"caret-color: #1e414e; color: #1e414e; font-family: 'Droid Sans', sans-serif;\">&nbsp;<\/span><\/p>\n<p>Im Sommer 2025 verk\u00f6rpert Angelika Milster in der Urauff\u00fchrung von <strong><span style=\"color: #8d7954;\">Walpurga &#8211; Das Musical <\/span><\/strong>im Harzer Bergtheater Thale die Hexe Roma Annerose Malifix.&nbsp;<\/p>\n<p>Parallel zu ihren Musicalengagements werden auch die bewegenden&nbsp;<strong><span style=\"color: #8d7954;\">Kirchenkonzerte<\/span><\/strong>&nbsp;2025\/2026 fortgesetzt.<\/p>\n<div><span style=\"caret-color: #1e414e; color: #1e414e; font-family: 'Droid Sans', sans-serif;\">&nbsp;<\/span><\/div>\n<p>Alle <strong><span style=\"color: #8d7954;\">Termine finden Sie auf der Seite <a href=\"\/tour-dates\/alle-veranstaltungen-von-angelika-milster\/\">TOUR DATEN<\/a>.<\/span><\/strong><\/p>\n<p><\/p>\n<h5 class=\"wp-block-heading\">Andr\u00e9 Bauer \u2013&nbsp;Der Produzent<\/h5>\n<p><\/p>\n<p><\/p>\n<p>Andr\u00e9 Bauer studierte Klavier und Klarinette in Z\u00fcrich und Paris. 1968 erfolgte sein erstes Engagement am <strong><span style=\"color: #8d7954;\">Z\u00fcrcher Opernhaus<\/span><\/strong>. Neben seiner Dirigentent\u00e4tigkeit wurde er als Komponist und Arrangeur t\u00e4tig. Mit seiner Verpflichtung als musikalischer Leiter an den <strong><span style=\"color: #8d7954;\">Schauspielh\u00e4usern in Z\u00fcrich und Basel<\/span><\/strong> etablierte er sein Faible f\u00fcr Film- und Schauspielmusik.<\/p>\n<p><\/p>\n<p><\/p>\n<p>Sein Werdegang war immer wieder mit den renommiertesten Namen des Musiklebens in enger Verbindung, so arbeitete er zusammen mit Regisseuren wie <strong><span style=\"color: #8d7954;\">Hans Hollmann, Hans Neuenfels, Arie Zinger, Prof. Sellner, Leopold Lindberg<\/span><\/strong> u.v.m. Er produzierte, komponierte und dirigierte f\u00fcr <strong><span style=\"color: #8d7954;\">BMG Ariola, Polydor, Universal, EMI, CBS und Sony Music<\/span><\/strong>, blickt auf \u00fcber 80 Produktionen am <strong><span style=\"color: #8d7954;\">Schauspielhaus Z\u00fcrich<\/span><\/strong>, <strong><span style=\"color: #8d7954;\">Schauspielhaus D\u00fcsseldorf, Schillertheater Berlin, Staatstheater Bonn<\/span><\/strong> und den <strong><span style=\"color: #8d7954;\">Basler Theatern<\/span><\/strong>, zur\u00fcck und schrieb f\u00fcr zwei israelische Ballettproduktionen die Musik. 1980 produzierte Andr\u00e9 Bauer die Musik zu <strong><span style=\"color: #8d7954;\">\u201eDie letzten Tage der Menschheit\u201c<\/span> <\/strong>f\u00fcr die Wiener Festwochen \/ ORF (Regie: Hans Hollmann). Erste Begegnung mit Peter Weck. 1982 wurde&nbsp;<strong><span style=\"color: #8d7954;\">Peter Weck<\/span><\/strong> zum Intendanten des Theaters an der Wien ernannt und Andr\u00e9 Bauer wurde musikalischer Leiter und Chefdirigent des Theaters. Hier dirigierte er die umjubelte deutschsprachige Erstauff\u00fchrung des <strong><span style=\"color: #8d7954;\">Andrew Lloyd Webber Musicals \u201eCats\u201c<\/span><\/strong> und produzierte den mit Gold- und Platin ausgezeichneten Tontr\u00e4ger zum B\u00fchnenerfolg.<\/p>\n<p><\/p>\n<p><\/p>\n<p>1985, anl\u00e4sslich seiner ersten Japan-Tournee f\u00fchrte Andr\u00e9 Bauer internationale Pop- und Jazzmusiker mit Mitgliedern des <strong><span style=\"color: #8d7954;\">Tokio Symphony Orchestra<\/span><\/strong> zusammen. Das von Andr\u00e9 Bauer produzierte Album <strong><span style=\"color: #8d7954;\">\u201eMidnight Cruise\u201c<\/span> <\/strong>stellte eine begeisternde Verschmelzung der Elemente des Jazz und der Klassik dar, eine Musikrichtung, die den erfolgreichen Musiker danach nicht mehr loslie\u00df: <strong><span style=\"color: #8d7954;\">Crossover<\/span><\/strong>. 1987 verlie\u00df Andr\u00e9 Bauer das <strong><span style=\"color: #8d7954;\">Theater an der Wien<\/span><\/strong> und arbeitete freischaffend als Komponist, Dirigent und Produzent. F\u00fcr \u00fcber 90 Filme und TV-Serien, darunter <span style=\"color: #8d7954;\"><strong>\u201eTatort\u201c (ARD), \u201eEin Fall f\u00fcr Zwei\u201c (ZDF), \u201eEin Bayer auf R\u00fcgen\u201c<\/strong><\/span> (33 Folgen, SAT1), \u201e<strong><span style=\"color: #8d7954;\">Der Besuch der alten Dame\u201c<\/span> <\/strong>(internationale Produktion mit Maria Schell), u.v.m. Angelika Milster und Andr\u00e9 Bauer arbeiten seit 1983 k\u00fcnstlerisch zusammen. Die gro\u00dfen Erfolge der S\u00e4ngerin wie z.B. die Alben <strong><span style=\"color: #8d7954;\">\u201eMeisterst\u00fccke\u201c, \u201eMILSTER.\u201c, \u201eIch sage ja\u201c<\/span><\/strong>, <strong><span style=\"color: #8d7954;\">\u201eMit den Augen der Liebe\u201c<\/span> <\/strong>und <strong><span style=\"color: #8d7954;\">\u201eDu hast mir Gl\u00fcck gebracht\u201c<\/span><\/strong> sowie unz\u00e4hlige Konzertprogramme wurden von ihm produziert und musikalisch geleitet. Auch die private Verbindung zwischen Milster und Bauer ist best\u00e4ndig: Seit 1987 sind die beiden verheiratet.<\/p>\n<p><\/p>\n<p><\/p>\n<p><\/p>\n<p><\/p>\t\t\t\t\t\t\t\t<\/div>\n\t\t\t\t<\/div>\n\t\t\t\t\t<\/div>\n\t\t<\/div>\n\t\t\t\t\t<\/div>\n\t\t<\/section>\n\t\t\t\t<\/div>\n\t\t","protected":false},"excerpt":{"rendered":"<p>Angelika Milster \u2013 Die Diva des Musicals Angelika Milster &#8211; ein Name der gleichbedeutend ist mit dem Ungew\u00f6hnlichen, Raren, Extravaganten und Au\u00dfergew\u00f6hnlichen, der Diva.&nbsp; Angelika Milster wurde in Neustrelitz geboren und wuchs in Hamburg auf. Bereits mit zw\u00f6lf begann sie, Gesangsunterricht zu nehmen und besuchte von 1968 bis 1971 die renommierte Schauspielschule von Margot H\u00f6pfner&#8230;.<\/p>\n<p><a rel=\"bookmark\" class=\"theme-button-solid-accent wolf-core-button wolf-core-button-size-sm\" href=\"https:\/\/angelikamilster.com\/de\/biographie\/\"><span>Weiter lesen<\/span><\/a><\/p>\n","protected":false},"author":1,"featured_media":0,"parent":0,"menu_order":0,"comment_status":"closed","ping_status":"closed","template":"","meta":{"footnotes":""},"class_list":{"0":"post-45","1":"page","2":"type-page","3":"status-publish","4":"hentry","5":"entry","6":"clearfix","7":"entry-grid","8":"entry-columns-default","9":"entry-page-module-layout-standard","10":"no-post-thumbnail","11":"entry-page","13":"entry-page-grid"},"_links":{"self":[{"href":"https:\/\/angelikamilster.com\/de\/wp-json\/wp\/v2\/pages\/45","targetHints":{"allow":["GET"]}}],"collection":[{"href":"https:\/\/angelikamilster.com\/de\/wp-json\/wp\/v2\/pages"}],"about":[{"href":"https:\/\/angelikamilster.com\/de\/wp-json\/wp\/v2\/types\/page"}],"author":[{"embeddable":true,"href":"https:\/\/angelikamilster.com\/de\/wp-json\/wp\/v2\/users\/1"}],"replies":[{"embeddable":true,"href":"https:\/\/angelikamilster.com\/de\/wp-json\/wp\/v2\/comments?post=45"}],"version-history":[{"count":52,"href":"https:\/\/angelikamilster.com\/de\/wp-json\/wp\/v2\/pages\/45\/revisions"}],"predecessor-version":[{"id":12146,"href":"https:\/\/angelikamilster.com\/de\/wp-json\/wp\/v2\/pages\/45\/revisions\/12146"}],"wp:attachment":[{"href":"https:\/\/angelikamilster.com\/de\/wp-json\/wp\/v2\/media?parent=45"}],"curies":[{"name":"wp","href":"https:\/\/api.w.org\/{rel}","templated":true}]}}